{"id":10,"date":"2016-11-23T18:17:43","date_gmt":"2016-11-23T17:17:43","guid":{"rendered":"http:\/\/rucher-des-avant-monts.com\/?page_id=10"},"modified":"2025-10-03T19:03:59","modified_gmt":"2025-10-03T17:03:59","slug":"notre-production","status":"publish","type":"page","link":"https:\/\/rucher-des-avant-monts.com\/?page_id=10","title":{"rendered":"Notre production"},"content":{"rendered":"\n<p class=\"has-text-align-center has-vivid-green-cyan-color has-text-color has-medium-font-size\">Nous sommes Apiculteurs et Arboriculteurs.<\/p>\n\n\n\n<p class=\"has-text-align-center\">&#8211;<\/p>\n\n\n\n<p class=\"has-medium-font-size\">Nous produisons <a href=\"https:\/\/rucher-des-avant-monts.com\/wp-admin\/customize.php?url=https%3A%2F%2Frucher-des-avant-monts.com%2F%3Fpage_id%3D2%26lang%3Dfr\" data-type=\"URL\" data-id=\"https:\/\/rucher-des-avant-monts.com\/wp-admin\/customize.php?url=https%3A%2F%2Frucher-des-avant-monts.com%2F%3Fpage_id%3D2%26lang%3Dfr\">agrumes<\/a> et grenades en agriculture biologique et le miel en agriculture \u00ab\u00a0environnementale\u00a0\u00bb. <a href=\"https:\/\/rucher-des-avant-monts.com\/?page_id=360&amp;lang=fr\">Voir la page Bio ou pas.<\/a><\/p>\n\n\n\n<p><\/p>\n\n\n\n<p class=\"has-text-align-center\">__________________________________________________<\/p>\n\n\n\n<p>Dans l&rsquo;ordre des r\u00e9coltes et donc le respect de la saisonnalit\u00e9 des miels afin de gouter la nature comme nous le proposent les abeilles.<\/p>\n\n\n\n<h2 class=\"wp-block-heading\">Mars &#8211; Avril<\/h2>\n\n\n\n<div class=\"wp-block-media-text alignwide is-stacked-on-mobile\" style=\"grid-template-columns:20% auto\"><figure class=\"wp-block-media-text__media\"><img loading=\"lazy\" decoding=\"async\" width=\"768\" height=\"1024\" src=\"https:\/\/rucher-des-avant-monts.com\/wp-content\/uploads\/2019\/08\/20211111_130626-768x1024.jpg\" alt=\"Miel de l'aude\" class=\"wp-image-984 size-full\" srcset=\"https:\/\/rucher-des-avant-monts.com\/wp-content\/uploads\/2019\/08\/20211111_130626-768x1024.jpg 768w, https:\/\/rucher-des-avant-monts.com\/wp-content\/uploads\/2019\/08\/20211111_130626-225x300.jpg 225w, https:\/\/rucher-des-avant-monts.com\/wp-content\/uploads\/2019\/08\/20211111_130626-1152x1536.jpg 1152w, https:\/\/rucher-des-avant-monts.com\/wp-content\/uploads\/2019\/08\/20211111_130626-scaled.jpg 1536w, https:\/\/rucher-des-avant-monts.com\/wp-content\/uploads\/2019\/08\/20211111_130626-600x800.jpg 600w\" sizes=\"auto, (max-width: 768px) 100vw, 768px\" \/><\/figure><div class=\"wp-block-media-text__content\">\n<p class=\"has-normal-font-size\">Le narbonnais ou le miel des romains <\/p>\n\n\n\n<p class=\"has-normal-font-size\">Le <a rel=\"noreferrer noopener\" href=\"https:\/\/rucher-des-avant-monts.com\/?product=miel-de-romarin\" target=\"_blank\"><strong>miel de romarin<\/strong><\/a><span style=\"color:#0071a1\" class=\"has-inline-color\"> <\/span>se r\u00e9colte d\u00e9but mai dans les Corbi\u00e8res. Miel tr\u00e8s fin et clair recommand\u00e9 pour les insuffisances v\u00e9siculaires, digestives et h\u00e9patiques.<\/p>\n<\/div><\/div>\n\n\n\n<div class=\"wp-block-media-text alignwide is-stacked-on-mobile\" style=\"grid-template-columns:20% auto\"><figure class=\"wp-block-media-text__media\"><img loading=\"lazy\" decoding=\"async\" width=\"2048\" height=\"2048\" src=\"https:\/\/rucher-des-avant-monts.com\/wp-content\/uploads\/2019\/08\/Bruyere-blanche-moyen.jpg\" alt=\"Miel de bruy\u00e8re arborescente blanche schiste\" class=\"wp-image-409 size-full\" srcset=\"https:\/\/rucher-des-avant-monts.com\/wp-content\/uploads\/2019\/08\/Bruyere-blanche-moyen.jpg 2048w, https:\/\/rucher-des-avant-monts.com\/wp-content\/uploads\/2019\/08\/Bruyere-blanche-moyen-150x150.jpg 150w, https:\/\/rucher-des-avant-monts.com\/wp-content\/uploads\/2019\/08\/Bruyere-blanche-moyen-300x300.jpg 300w, https:\/\/rucher-des-avant-monts.com\/wp-content\/uploads\/2019\/08\/Bruyere-blanche-moyen-768x768.jpg 768w, https:\/\/rucher-des-avant-monts.com\/wp-content\/uploads\/2019\/08\/Bruyere-blanche-moyen-1024x1024.jpg 1024w, https:\/\/rucher-des-avant-monts.com\/wp-content\/uploads\/2019\/08\/Bruyere-blanche-moyen-600x600.jpg 600w, https:\/\/rucher-des-avant-monts.com\/wp-content\/uploads\/2019\/08\/Bruyere-blanche-moyen-100x100.jpg 100w\" sizes=\"auto, (max-width: 2048px) 100vw, 2048px\" \/><\/figure><div class=\"wp-block-media-text__content\">\n<p>Le <span style=\"color: #0000ff;\"><a style=\"color: #0000ff;\" rel=\"noopener noreferrer\" href=\"https:\/\/rucher-des-avant-monts.com\/?product=miel-de-bruyere-blanche\" target=\"_blank\"><strong><span class=\"has-inline-color has-black-color\">miel de bruy\u00e8re blanche <\/span><\/strong><\/a><\/span>de printemps se r\u00e9colte fin avril, il est tr\u00e8s typ\u00e9 : il pr\u00e9sente une tonalit\u00e9 rousse, une odeur prononc\u00e9e de r\u00e9glisse ainsi qu&rsquo;un ar\u00f4me de caramel et de cacao. Il cristallise tr\u00e8s vite. tr\u00e8s sensible \u00e0 la pluie et aux longues p\u00e9riodes de s\u00e9cheresse.<\/p>\n<\/div><\/div>\n\n\n\n<h2 class=\"wp-block-heading\">Mai<\/h2>\n\n\n\n<div class=\"wp-block-media-text alignwide is-stacked-on-mobile\" style=\"grid-template-columns:20% auto\"><figure class=\"wp-block-media-text__media\"><img loading=\"lazy\" decoding=\"async\" width=\"300\" height=\"300\" src=\"https:\/\/rucher-des-avant-monts.com\/wp-content\/uploads\/2019\/08\/thym-petit-300x300.jpg\" alt=\"miel de thym\" class=\"wp-image-433 size-full\" srcset=\"https:\/\/rucher-des-avant-monts.com\/wp-content\/uploads\/2019\/08\/thym-petit-300x300.jpg 300w, https:\/\/rucher-des-avant-monts.com\/wp-content\/uploads\/2019\/08\/thym-petit-150x150.jpg 150w, https:\/\/rucher-des-avant-monts.com\/wp-content\/uploads\/2019\/08\/thym-petit-768x768.jpg 768w, https:\/\/rucher-des-avant-monts.com\/wp-content\/uploads\/2019\/08\/thym-petit-1024x1024.jpg 1024w, https:\/\/rucher-des-avant-monts.com\/wp-content\/uploads\/2019\/08\/thym-petit-600x600.jpg 600w, https:\/\/rucher-des-avant-monts.com\/wp-content\/uploads\/2019\/08\/thym-petit-100x100.jpg 100w, https:\/\/rucher-des-avant-monts.com\/wp-content\/uploads\/2019\/08\/thym-petit.jpg 2048w\" sizes=\"auto, (max-width: 300px) 100vw, 300px\" \/><\/figure><div class=\"wp-block-media-text__content\">\n<p class=\"has-normal-font-size\">Le <a rel=\"noreferrer noopener\" href=\"https:\/\/rucher-des-avant-monts.com\/?product=miel-de-thym-et-garrigue\" target=\"_blank\"><strong>miel de thym<\/strong><\/a> est r\u00e9colt\u00e9 courant mai entre les causses du Larzac et la m\u00e9diterran\u00e9e. Il est conseiller pour le traitement des maladies infectieuses, respiratoires ou digestives. Utilis\u00e9 pour sucrer une infusion il favorise le sommeil.<\/p>\n<\/div><\/div>\n\n\n\n<h2 class=\"wp-block-heading\">juin<\/h2>\n\n\n\n<div class=\"wp-block-media-text alignwide is-stacked-on-mobile\" style=\"grid-template-columns:20% auto\"><figure class=\"wp-block-media-text__media\"><img loading=\"lazy\" decoding=\"async\" width=\"300\" height=\"300\" src=\"https:\/\/rucher-des-avant-monts.com\/wp-content\/uploads\/2019\/08\/garrigue-soleil-250-300x300.jpg\" alt=\"miel de garrigue \" class=\"wp-image-420 size-full\" srcset=\"https:\/\/rucher-des-avant-monts.com\/wp-content\/uploads\/2019\/08\/garrigue-soleil-250-300x300.jpg 300w, https:\/\/rucher-des-avant-monts.com\/wp-content\/uploads\/2019\/08\/garrigue-soleil-250-150x150.jpg 150w, https:\/\/rucher-des-avant-monts.com\/wp-content\/uploads\/2019\/08\/garrigue-soleil-250-768x768.jpg 768w, https:\/\/rucher-des-avant-monts.com\/wp-content\/uploads\/2019\/08\/garrigue-soleil-250-1024x1024.jpg 1024w, https:\/\/rucher-des-avant-monts.com\/wp-content\/uploads\/2019\/08\/garrigue-soleil-250-600x600.jpg 600w, https:\/\/rucher-des-avant-monts.com\/wp-content\/uploads\/2019\/08\/garrigue-soleil-250-100x100.jpg 100w, https:\/\/rucher-des-avant-monts.com\/wp-content\/uploads\/2019\/08\/garrigue-soleil-250.jpg 2048w\" sizes=\"auto, (max-width: 300px) 100vw, 300px\" \/><\/figure><div class=\"wp-block-media-text__content\">\n<p class=\"has-normal-font-size\">Le <a rel=\"noreferrer noopener\" href=\"https:\/\/rucher-des-avant-monts.com\/?product=coeur-de-miel\" target=\"_blank\"><strong>miel de garrigue<\/strong><\/a> est r\u00e9colt\u00e9 d\u00e8s la fin du printemps. il est compos\u00e9 de thym, ronce, lavande, sarriette, asphod\u00e8le, dorycnium. Son m\u00e9lange de fleur lui assure une diversit\u00e9 de couleur ambr\u00e9 plus ou moins clair ,de gouts toujours charpent\u00e9s, suivant la m\u00e9t\u00e9o et la situation du rucher.<\/p>\n<\/div><\/div>\n\n\n\n<h2 class=\"wp-block-heading\">Juillet<\/h2>\n\n\n\n<div class=\"wp-block-media-text alignwide is-stacked-on-mobile\" style=\"grid-template-columns:20% auto\"><figure class=\"wp-block-media-text__media\"><img loading=\"lazy\" decoding=\"async\" width=\"300\" height=\"300\" src=\"https:\/\/rucher-des-avant-monts.com\/wp-content\/uploads\/2019\/08\/chataignier-soleil-1kg-300x300.jpg\" alt=\"\" class=\"wp-image-417 size-full\" srcset=\"https:\/\/rucher-des-avant-monts.com\/wp-content\/uploads\/2019\/08\/chataignier-soleil-1kg-300x300.jpg 300w, https:\/\/rucher-des-avant-monts.com\/wp-content\/uploads\/2019\/08\/chataignier-soleil-1kg-150x150.jpg 150w, https:\/\/rucher-des-avant-monts.com\/wp-content\/uploads\/2019\/08\/chataignier-soleil-1kg-768x768.jpg 768w, https:\/\/rucher-des-avant-monts.com\/wp-content\/uploads\/2019\/08\/chataignier-soleil-1kg-1024x1024.jpg 1024w, https:\/\/rucher-des-avant-monts.com\/wp-content\/uploads\/2019\/08\/chataignier-soleil-1kg-600x600.jpg 600w, https:\/\/rucher-des-avant-monts.com\/wp-content\/uploads\/2019\/08\/chataignier-soleil-1kg-100x100.jpg 100w, https:\/\/rucher-des-avant-monts.com\/wp-content\/uploads\/2019\/08\/chataignier-soleil-1kg.jpg 2048w\" sizes=\"auto, (max-width: 300px) 100vw, 300px\" \/><\/figure><div class=\"wp-block-media-text__content\">\n<p class=\"has-normal-font-size\">Le <a rel=\"noreferrer noopener\" href=\"https:\/\/rucher-des-avant-monts.com\/?product=fleurs-de-chataignier\" target=\"_blank\"><strong>miel de ch\u00e2taignier<\/strong><\/a> se r\u00e9colte d\u00e9but juillet. Riche en oligo\u00e9l\u00e9ment, il est r\u00e9put\u00e9 pour am\u00e9liorer la circulation sanguine et ses qualit\u00e9s cicatrisantes. C&rsquo;est un miel fort et de couleur plut\u00f4t ambr\u00e9.<\/p>\n<\/div><\/div>\n\n\n\n<div class=\"wp-block-media-text alignwide is-stacked-on-mobile is-image-fill-element\" style=\"grid-template-columns:20% auto\"><figure class=\"wp-block-media-text__media\"><img loading=\"lazy\" decoding=\"async\" width=\"300\" height=\"300\" src=\"https:\/\/rucher-des-avant-monts.com\/wp-content\/uploads\/2019\/08\/montagne-soleil-250-300x300.jpg\" alt=\"miel de montagne 250\" class=\"wp-image-429 size-full\" style=\"object-position:50% 50%\" srcset=\"https:\/\/rucher-des-avant-monts.com\/wp-content\/uploads\/2019\/08\/montagne-soleil-250-300x300.jpg 300w, https:\/\/rucher-des-avant-monts.com\/wp-content\/uploads\/2019\/08\/montagne-soleil-250-150x150.jpg 150w, https:\/\/rucher-des-avant-monts.com\/wp-content\/uploads\/2019\/08\/montagne-soleil-250-768x768.jpg 768w, https:\/\/rucher-des-avant-monts.com\/wp-content\/uploads\/2019\/08\/montagne-soleil-250-1024x1024.jpg 1024w, https:\/\/rucher-des-avant-monts.com\/wp-content\/uploads\/2019\/08\/montagne-soleil-250-600x600.jpg 600w, https:\/\/rucher-des-avant-monts.com\/wp-content\/uploads\/2019\/08\/montagne-soleil-250-100x100.jpg 100w, https:\/\/rucher-des-avant-monts.com\/wp-content\/uploads\/2019\/08\/montagne-soleil-250.jpg 2048w\" sizes=\"auto, (max-width: 300px) 100vw, 300px\" \/><\/figure><div class=\"wp-block-media-text__content\">\n<p class=\"has-normal-font-size\">Le <a rel=\"noreferrer noopener\" href=\"https:\/\/rucher-des-avant-monts.com\/?product=fleurs-de-montagne\" target=\"_blank\"><strong>miel de montagne<\/strong><\/a> est tr\u00e8s odorif\u00e9rant, doux aux saveurs florales et fruit\u00e9es. Il varie beaucoup suivant les ann\u00e9es suivant floraison des pissenlits, ronce,serpolet, tr\u00e8fle ou bruy\u00e8re.<\/p>\n<\/div><\/div>\n\n\n\n<h2 class=\"wp-block-heading\">Aout<\/h2>\n\n\n\n<div class=\"wp-block-media-text is-stacked-on-mobile\" style=\"grid-template-columns:20% auto\"><figure class=\"wp-block-media-text__media\"><img loading=\"lazy\" decoding=\"async\" width=\"576\" height=\"1024\" src=\"https:\/\/rucher-des-avant-monts.com\/wp-content\/uploads\/2021\/11\/Buplevre-576x1024.jpg\" alt=\"Bupl\u00e8vre\" class=\"wp-image-1139 size-full\" srcset=\"https:\/\/rucher-des-avant-monts.com\/wp-content\/uploads\/2021\/11\/Buplevre-576x1024.jpg 576w, https:\/\/rucher-des-avant-monts.com\/wp-content\/uploads\/2021\/11\/Buplevre-169x300.jpg 169w, https:\/\/rucher-des-avant-monts.com\/wp-content\/uploads\/2021\/11\/Buplevre-768x1365.jpg 768w, https:\/\/rucher-des-avant-monts.com\/wp-content\/uploads\/2021\/11\/Buplevre-864x1536.jpg 864w, https:\/\/rucher-des-avant-monts.com\/wp-content\/uploads\/2021\/11\/Buplevre-scaled.jpg 1152w, https:\/\/rucher-des-avant-monts.com\/wp-content\/uploads\/2021\/11\/Buplevre-600x1067.jpg 600w\" sizes=\"auto, (max-width: 576px) 100vw, 576px\" \/><\/figure><div class=\"wp-block-media-text__content\">\n<p>Le <a href=\"https:\/\/rucher-des-avant-monts.com\/?product=miel-de-buplevre\" data-type=\"page\" data-id=\"28\" target=\"_blank\" rel=\"noreferrer noopener\">miel de Bupl\u00e8vre<\/a> se r\u00e9colte courant du mois d&rsquo;aout, miel compliqu\u00e9 \u00e0 produire par nos abeilles car le nectar n&rsquo;est produit par la plante que si il a plut suffisamment&#8230;. Gout reconnaissable entre tous, tellement particulier. Il est recommand\u00e9 pour n\u00e9vralgies et douleurs musculaires.<\/p>\n<\/div><\/div>\n\n\n\n<div class=\"wp-block-media-text alignwide is-stacked-on-mobile\" style=\"grid-template-columns:20% auto\"><figure class=\"wp-block-media-text__media\"><img loading=\"lazy\" decoding=\"async\" width=\"768\" height=\"1024\" src=\"https:\/\/rucher-des-avant-monts.com\/wp-content\/uploads\/2021\/11\/20211110_161545-768x1024.jpg\" alt=\"Bruy\u00e8re Cendr\u00e9e Erica\" class=\"wp-image-932 size-full\" srcset=\"https:\/\/rucher-des-avant-monts.com\/wp-content\/uploads\/2021\/11\/20211110_161545-768x1024.jpg 768w, https:\/\/rucher-des-avant-monts.com\/wp-content\/uploads\/2021\/11\/20211110_161545-225x300.jpg 225w, https:\/\/rucher-des-avant-monts.com\/wp-content\/uploads\/2021\/11\/20211110_161545-1152x1536.jpg 1152w, https:\/\/rucher-des-avant-monts.com\/wp-content\/uploads\/2021\/11\/20211110_161545-scaled.jpg 1536w, https:\/\/rucher-des-avant-monts.com\/wp-content\/uploads\/2021\/11\/20211110_161545-600x800.jpg 600w\" sizes=\"auto, (max-width: 768px) 100vw, 768px\" \/><\/figure><div class=\"wp-block-media-text__content\">\n<p class=\"has-normal-font-size\">La <a href=\"https:\/\/rucher-des-avant-monts.com\/?product=miel-de-bruyere-cendree-erica\" data-type=\"URL\" data-id=\"https:\/\/rucher-des-avant-monts.com\/?product=miel-de-bruyere-cendree-erica\">bruy\u00e8re Erica o<\/a>u cendr\u00e9e, le nectar de cette bruy\u00e8re cristallise tr\u00e8s finement , typ\u00e9 miel doux mais une longueur en bouche soutenue.<\/p>\n<\/div><\/div>\n\n\n\n<h2 class=\"wp-block-heading\">Septembre<\/h2>\n\n\n\n<div class=\"wp-block-media-text is-stacked-on-mobile\"><figure class=\"wp-block-media-text__media\"><\/figure><div class=\"wp-block-media-text__content\">\n<p>Le <strong>miel de bruy\u00e8re d\u2019automne<\/strong>, issu de la Callune, est est un miel marron fonc\u00e9 poss\u00e9dant une odeur et un ar\u00f4me persistant, tr\u00e8s appr\u00e9cier en Allemagne. R\u00e9colt\u00e9 en septembre sur le Caroux, massif de l&rsquo;Espinouse, il cristallise tr\u00e8s lentement, sa teneur en eau peu \u00eatre sup\u00e9rieur a 20% donc il se conserve moins longtemps (pot ouvert au frigo). fortifiant naturel et r\u00e9put\u00e9 pour les probl\u00e8me r\u00e9naux.<\/p>\n<\/div><\/div>\n\n\n\n<div class=\"wp-block-media-text is-stacked-on-mobile\" style=\"grid-template-columns:19% auto\"><figure class=\"wp-block-media-text__media\"><img loading=\"lazy\" decoding=\"async\" width=\"986\" height=\"1024\" src=\"https:\/\/rucher-des-avant-monts.com\/wp-content\/uploads\/2025\/10\/20230920_112757-scaled-e1759510759524-986x1024.jpg\" alt=\"\" class=\"wp-image-1416 size-full\" srcset=\"https:\/\/rucher-des-avant-monts.com\/wp-content\/uploads\/2025\/10\/20230920_112757-scaled-e1759510759524-986x1024.jpg 986w, https:\/\/rucher-des-avant-monts.com\/wp-content\/uploads\/2025\/10\/20230920_112757-scaled-e1759510759524-289x300.jpg 289w, https:\/\/rucher-des-avant-monts.com\/wp-content\/uploads\/2025\/10\/20230920_112757-scaled-e1759510759524-768x797.jpg 768w, https:\/\/rucher-des-avant-monts.com\/wp-content\/uploads\/2025\/10\/20230920_112757-scaled-e1759510759524-600x623.jpg 600w, https:\/\/rucher-des-avant-monts.com\/wp-content\/uploads\/2025\/10\/20230920_112757-scaled-e1759510759524.jpg 1387w\" sizes=\"auto, (max-width: 986px) 100vw, 986px\" \/><\/figure><div class=\"wp-block-media-text__content\">\n<p>Nous  r\u00e9coltons les Grenades<\/p>\n<\/div><\/div>\n\n\n\n<h2 class=\"wp-block-heading\">Novembre<\/h2>\n\n\n\n<div class=\"wp-block-media-text alignwide is-stacked-on-mobile\" style=\"grid-template-columns:20% auto\"><figure class=\"wp-block-media-text__media\"><img loading=\"lazy\" decoding=\"async\" width=\"1024\" height=\"957\" src=\"https:\/\/rucher-des-avant-monts.com\/wp-content\/uploads\/2021\/11\/YUZU-2021-1024x957.jpg\" alt=\"Agrumes\" class=\"wp-image-868 size-full\" srcset=\"https:\/\/rucher-des-avant-monts.com\/wp-content\/uploads\/2021\/11\/YUZU-2021-1024x957.jpg 1024w, https:\/\/rucher-des-avant-monts.com\/wp-content\/uploads\/2021\/11\/YUZU-2021-300x280.jpg 300w, https:\/\/rucher-des-avant-monts.com\/wp-content\/uploads\/2021\/11\/YUZU-2021-768x718.jpg 768w, https:\/\/rucher-des-avant-monts.com\/wp-content\/uploads\/2021\/11\/YUZU-2021-1536x1436.jpg 1536w, https:\/\/rucher-des-avant-monts.com\/wp-content\/uploads\/2021\/11\/YUZU-2021-600x561.jpg 600w, https:\/\/rucher-des-avant-monts.com\/wp-content\/uploads\/2021\/11\/YUZU-2021.jpg 1840w\" sizes=\"auto, (max-width: 1024px) 100vw, 1024px\" \/><\/figure><div class=\"wp-block-media-text__content\">\n<p class=\"has-normal-font-size\">Nous r\u00e9coltons les agrumes, Yuzu, cl\u00e9mentines, pomelos, mandarines<\/p>\n<\/div><\/div>\n\n\n\n<h2 class=\"wp-block-heading\">D\u00e9cembre<\/h2>\n\n\n\n<div class=\"wp-block-media-text is-stacked-on-mobile\"><figure class=\"wp-block-media-text__media\"><\/figure><div class=\"wp-block-media-text__content\">\n<p>Le <strong>miel d&rsquo;arbouse<\/strong> est un miel tr\u00e8s amer. il est r\u00e9colt\u00e9 en d\u00e9but d\u00e9cembre, est de couleur sombre. Il s\u00e9duira les amateurs de miels robustes. La cristallisation est rapide et il est tr\u00e8s recherch\u00e9 par les fabricants de vinaigre de miel pour son amertume.<\/p>\n<\/div><\/div>\n","protected":false},"excerpt":{"rendered":"<p>Nous sommes Apiculteurs et Arboriculteurs. &#8211; Nous produisons agrumes et grenades en agriculture biologique et le miel en agriculture \u00ab\u00a0environnementale\u00a0\u00bb. Voir la page Bio ou pas. __________________________________________________ Dans l&rsquo;ordre des r\u00e9coltes et donc le respect de la saisonnalit\u00e9 des miels afin de gouter la nature comme nous le proposent les abeilles. Mars &#8211; Avril Le [&hellip;]<\/p>\n","protected":false},"author":1,"featured_media":625,"parent":0,"menu_order":0,"comment_status":"closed","ping_status":"closed","template":"","meta":{"footnotes":""},"class_list":["post-10","page","type-page","status-publish","has-post-thumbnail","czr-hentry"],"_links":{"self":[{"href":"https:\/\/rucher-des-avant-monts.com\/index.php?rest_route=\/wp\/v2\/pages\/10","targetHints":{"allow":["GET"]}}],"collection":[{"href":"https:\/\/rucher-des-avant-monts.com\/index.php?rest_route=\/wp\/v2\/pages"}],"about":[{"href":"https:\/\/rucher-des-avant-monts.com\/index.php?rest_route=\/wp\/v2\/types\/page"}],"author":[{"embeddable":true,"href":"https:\/\/rucher-des-avant-monts.com\/index.php?rest_route=\/wp\/v2\/users\/1"}],"replies":[{"embeddable":true,"href":"https:\/\/rucher-des-avant-monts.com\/index.php?rest_route=%2Fwp%2Fv2%2Fcomments&post=10"}],"version-history":[{"count":34,"href":"https:\/\/rucher-des-avant-monts.com\/index.php?rest_route=\/wp\/v2\/pages\/10\/revisions"}],"predecessor-version":[{"id":1417,"href":"https:\/\/rucher-des-avant-monts.com\/index.php?rest_route=\/wp\/v2\/pages\/10\/revisions\/1417"}],"wp:featuredmedia":[{"embeddable":true,"href":"https:\/\/rucher-des-avant-monts.com\/index.php?rest_route=\/wp\/v2\/media\/625"}],"wp:attachment":[{"href":"https:\/\/rucher-des-avant-monts.com\/index.php?rest_route=%2Fwp%2Fv2%2Fmedia&parent=10"}],"curies":[{"name":"wp","href":"https:\/\/api.w.org\/{rel}","templated":true}]}}